{"version":"1.0","provider_name":"nonszensz","provider_url":"https:\/\/nonszensz.cafeblog.hu","author_name":"Lavender","author_url":"https:\/\/nonszensz.cafeblog.hu\/author\/lavender\/","title":"Einstein tudta a frank\u00f3t.","html":"<p style=\"text-align: justify\">Sokaknak her\u00f3tjuk van az id\u00e9zetekt\u0151l, de \u00e9n alapvet\u0151en szeretem \u0151ket. Az pedig egy\u00e1ltal\u00e1n nem a v\u00e9letlennek tudhat\u00f3 be, hogy a kezd\u0151oldalamon is egy <a href=\"http:\/\/hu.wikipedia.org\/wiki\/Albert_Einstein#Filoz.C3.B3fiai_n.C3.A9zetek\" target=\"_blank\">Einstein<\/a>-t\u0151l sz\u00e1rmaz\u00f3\u00a0b\u00f6lcsess\u00e9g\u00a0van felt\u00fcntetve. \u0150 a klasszik tud\u00f3s-figura. \u00c1tt\u00f6r\u0151 relativit\u00e1s elm\u00e9lete m\u00e9lt\u00e1n elismert mind a mai napig. \u00dagy gondolom, hogy ha holnap \u00e9rkezne egy email Albert-t\u0151l, amelyben meginvit\u00e1l egy tudom\u00e1nyos vit\u00e1ra, legink\u00e1bb <span style=\"text-decoration: underline\">mindenki<\/span> kacagva utas\u00edtan\u00e1 el, ez pedig el\u00e9g ahhoz, hogy megrend\u00edthetetlennek \u00edt\u00e9ljem a t\u0151le \u00e9rkez\u0151 kijelent\u00e9seket.<\/p>\r\n<p style=\"text-align: justify\">Ami\u00e9rt pedig k\u00fcl\u00f6n szeretem a v\u00e9lem\u00e9ny<a href=\"https:\/\/nonszensz.cafeblog.hu\/files\/2013\/10\/albert-einstein.jpg\"><img class=\"alignright size-thumbnail wp-image-200\" src=\"https:\/\/nonszensz.cafeblog.hu\/files\/2013\/10\/albert-einstein-150x150.jpg\" alt=\"albert-einstein\" width=\"125\" height=\"125\" \/><\/a>\u00e9t: Sokan mondj\u00e1k r\u00e1m, hogy nem \u00e1llok k\u00e9t l\u00e1bbal a f\u00f6ld\u00f6n, mert az \"Elm\u00e9m egy m\u00e1gnes\" jelig\u00e9t harsog\u00f3 emberek protot\u00edpusa vagyok. Mert \u00faton-\u00fatf\u00e9len azt hirdetem, hogy a k\u00e9pzelet \u00e9s a fant\u00e1zia mindenn\u00e9l fontosabb. A magukat realist\u00e1nak h\u00edv\u00f3 emberek pedig kinevetnek ilyenkor.\u00a0Ekkor \"veszem el\u0151\" a kvantummechanika atyj\u00e1t, hogy ha nekem nem - h\u00e1t neki higgyenek.<\/p>\r\n\u00cdme n\u00e9h\u00e1ny gondolat a mestert\u0151l (a k\u00f6nnyebb \u00e9rtelmez\u00e9s kedv\u00e9\u00e9rt, magyarra ford\u00edtva):\r\n\r\n\"<span style=\"color: #993366\">A logika eljuttat t\u00e9ged A-pontb\u00f3l B-pontba; a k\u00e9pzelet seg\u00edts\u00e9g\u00e9vel eljuthatsz b\u00e1rhov\u00e1!\"<\/span> - Albert Einstein\r\n\r\n\"A k\u00e9pzelet minden, pillanatk\u00e9p az \u00e9let elj\u00f6vend\u0151 esem\u00e9nyeibe.\" - Albert Einstein\r\n\r\n\"Mindenki tudja, hogy bizonyos dolgokat nem lehet megval\u00f3s\u00edtani, m\u00edgnem j\u00f6n valaki, aki err\u0151l nem tud, \u00e9s megval\u00f3s\u00edtja.\" - Albert Einstein\r\n\r\n\"A k\u00e9pzelet sokkal fontosabb, mint a tud\u00e1s. A tud\u00e1s v\u00e9ges. A k\u00e9pzelet fel\u00f6leli az eg\u00e9sz vil\u00e1got.\" - Albert Einstein\r\n\r\n\"Ami igaz\u00e1n sz\u00e1m\u00edt, az az intu\u00edci\u00f3.\" - Albert Einstein\r\n\r\n\"Milyen siv\u00e1r az a kor, melyben k\u00f6nnyebb egy atomot sz\u00e9trombolni, mint egy el\u0151\u00edt\u00e9letet!\" - Albert Einstein\r\n\r\n\"A val\u00f3s\u00e1g csup\u00e1n ill\u00fazi\u00f3, b\u00e1r nagyon kitart\u00f3.\" - Albert Einstein\r\n\r\n\"Sorsunk az lesz, amit majd meg\u00e9rdeml\u00fcnk.\" - Albert Einstein\r\n\r\n\"Tanulj a tegnapb\u00f3l, \u00e9lj a m\u00e1nak \u00e9s rem\u00e9nykedj a holnapban. A legfontosabb azonban, hogy ne hagyd abba a k\u00e9rdez\u00e9st.\" - Albert Einstein\r\n\r\n<span style=\"color: #993366\">\"Csak k\u00e9tf\u00e9lek\u00e9ppen \u00e9lheted az \u00e9leted. Vagy abban hiszel, a vil\u00e1gon semmi sem var\u00e1zslat. Vagy pedig abban, hogy a vil\u00e1gon minden var\u00e1zslat.\"<\/span> - Albert Einstein\r\n\r\n\"Az id\u0151nek egyetlen oka van: minden nem t\u00f6rt\u00e9nhet egyszerre.\" - Albert Einstein\r\n<div><\/div>\r\n<div><\/div>\r\n<div><\/div>","type":"rich","thumbnail_url":"https:\/\/nonszensz.cafeblog.hu\/files\/2013\/10\/albert-einstein-150x150.jpg","thumbnail_width":150,"thumbnail_height":150}